{"id":231829,"date":"2020-02-07T12:26:14","date_gmt":"2020-02-07T12:26:14","guid":{"rendered":"https:\/\/bodegaelpoblet.com\/shop\/"},"modified":"2020-09-23T10:46:02","modified_gmt":"2020-09-23T10:46:02","slug":"the-wines","status":"publish","type":"page","link":"https:\/\/bodegaelpoblet.com\/en\/the-wines\/","title":{"rendered":"The Wines"},"content":{"rendered":"<p>[et_pb_section fb_built=&#8221;1&#8243; _builder_version=&#8221;4.2.2&#8243; background_image=&#8221;https:\/\/bodegaelpoblet.com\/wp-content\/uploads\/2020\/02\/campos-de-vi\u00f1edos-Bodega-El-Poblet.jpg&#8221;][et_pb_row _builder_version=&#8221;4.2.2&#8243; custom_margin=&#8221;||||false|false&#8221; custom_margin_tablet=&#8221;&#8221; custom_margin_phone=&#8221;50px||||false|false&#8221; custom_margin_last_edited=&#8221;on|phone&#8221; custom_padding=&#8221;||||false|false&#8221;][et_pb_column type=&#8221;4_4&#8243; _builder_version=&#8221;4.1&#8243;][et_pb_text _builder_version=&#8221;4.1&#8243; text_font=&#8221;Amiri|700|||||||&#8221; text_text_color=&#8221;#f1b936&#8243; text_font_size=&#8221;30px&#8221; header_font=&#8221;Amiri|700|||||||&#8221; header_text_color=&#8221;#f1b936&#8243; header_font_size=&#8221;80px&#8221; text_orientation=&#8221;center&#8221; header_font_size_tablet=&#8221;60px&#8221; header_font_size_phone=&#8221;40px&#8221; header_font_size_last_edited=&#8221;on|phone&#8221;]<\/p>\n<h1>The Wines<\/h1>\n<p>[\/et_pb_text][et_pb_divider divider_weight=&#8221;6px&#8221; _builder_version=&#8221;4.1&#8243; width=&#8221;40%&#8221; width_tablet=&#8221;50%&#8221; width_phone=&#8221;50%&#8221; width_last_edited=&#8221;on|desktop&#8221; module_alignment=&#8221;center&#8221; height=&#8221;100px&#8221; custom_margin=&#8221;-30px||||false|false&#8221; custom_margin_tablet=&#8221;&#8221; custom_margin_phone=&#8221;-34px||||false|false&#8221; custom_margin_last_edited=&#8221;on|phone&#8221;][\/et_pb_divider][\/et_pb_column][\/et_pb_row][\/et_pb_section][et_pb_section fb_built=&#8221;1&#8243; _builder_version=&#8221;4.2.2&#8243; custom_padding=&#8221;||0px|||&#8221;][et_pb_row column_structure=&#8221;1_3,1_3,1_3&#8243; _builder_version=&#8221;4.2.2&#8243;][et_pb_column type=&#8221;1_3&#8243; _builder_version=&#8221;4.2.2&#8243; custom_padding=&#8221;||||false|false&#8221; custom_padding_tablet=&#8221;||50px||false|false&#8221; custom_padding_phone=&#8221;&#8221; custom_padding_last_edited=&#8221;on|phone&#8221;][et_pb_image src=&#8221;https:\/\/bodegaelpoblet.com\/wp-content\/uploads\/2020\/01\/Vino-Joven-Bodega-El-Poble2t.jpg&#8221; alt=&#8221;Wine Se\u00f1or\u00edo El Poblet Joven&#8221; title_text=&#8221;Wine Se\u00f1or\u00edo El Poblet Joven&#8221; url=&#8221;https:\/\/bodegaelpoblet.com\/en\/product\/wine-senorio-el-poblet-joven-6\/&#8221; align=&#8221;center&#8221; _builder_version=&#8221;4.3.2&#8243; width=&#8221;80%&#8221; width_tablet=&#8221;70%&#8221; width_phone=&#8221;&#8221; width_last_edited=&#8221;on|phone&#8221;][\/et_pb_image][et_pb_text _builder_version=&#8221;4.3.2&#8243; text_font=&#8221;Amiri||||||||&#8221; text_text_color=&#8221;#f1b936&#8243; text_font_size=&#8221;25px&#8221; header_2_font=&#8221;Amiri|600|||||||&#8221; header_2_text_align=&#8221;center&#8221; header_2_text_color=&#8221;#f1b936&#8243; header_2_font_size=&#8221;30px&#8221; text_orientation=&#8221;center&#8221; custom_margin_tablet=&#8221;||15px||false|false&#8221; custom_margin_phone=&#8221;||15px||false|false&#8221; custom_margin_last_edited=&#8221;on|phone&#8221; link_option_url=&#8221;https:\/\/bodegaelpoblet.com\/en\/product\/wine-senorio-el-poblet-joven-6\/&#8221; text_font_size_tablet=&#8221;23px&#8221; text_font_size_phone=&#8221;20px&#8221; text_font_size_last_edited=&#8221;on|phone&#8221; header_2_font_size_tablet=&#8221;25px&#8221; header_2_font_size_phone=&#8221;25px&#8221; header_2_font_size_last_edited=&#8221;on|phone&#8221; locked=&#8221;off&#8221;]Se\u00f1or\u00edo El Poblet<\/p>\n<h2>VINO JOVEN<\/h2>\n<p>[\/et_pb_text][et_pb_button button_url=&#8221;https:\/\/bodegaelpoblet.com\/en\/product\/wine-senorio-el-poblet-joven-6\/&#8221; button_text=&#8221;Buy&#8221; button_alignment=&#8221;center&#8221; _builder_version=&#8221;4.3.2&#8243; custom_button=&#8221;on&#8221; button_text_color=&#8221;#323232&#8243; button_rel=&#8221;off|off|off|off|off&#8221;][\/et_pb_button][\/et_pb_column][et_pb_column type=&#8221;1_3&#8243; _builder_version=&#8221;4.2.2&#8243;][et_pb_image src=&#8221;https:\/\/bodegaelpoblet.com\/wp-content\/uploads\/2020\/02\/se\u00f1orio-el-poblet-barrica-300&#215;300-1.jpg&#8221; alt=&#8221;Vino Se\u00f1or\u00edo El Poblet Reserva&#8221; title_text=&#8221;Vino Se\u00f1or\u00edo El Poblet Reserva&#8221; url=&#8221;https:\/\/bodegaelpoblet.com\/en\/product\/wine-senorio-el-poblet-barrica-box-of-6\/&#8221; align=&#8221;center&#8221; _builder_version=&#8221;4.3.2&#8243; width=&#8221;80%&#8221; width_tablet=&#8221;70%&#8221; width_phone=&#8221;&#8221; width_last_edited=&#8221;on|phone&#8221;][\/et_pb_image][et_pb_text _builder_version=&#8221;4.3.2&#8243; text_font=&#8221;Amiri||||||||&#8221; text_text_color=&#8221;#f1b936&#8243; text_font_size=&#8221;25px&#8221; header_2_font=&#8221;Amiri|600|||||||&#8221; header_2_text_align=&#8221;center&#8221; header_2_text_color=&#8221;#f1b936&#8243; header_2_font_size=&#8221;30px&#8221; text_orientation=&#8221;center&#8221; custom_margin_tablet=&#8221;||15px||false|false&#8221; custom_margin_phone=&#8221;||15px||false|false&#8221; custom_margin_last_edited=&#8221;on|phone&#8221; link_option_url=&#8221;https:\/\/bodegaelpoblet.com\/en\/product\/wine-senorio-el-poblet-barrica-box-of-6\/&#8221; text_font_size_tablet=&#8221;23px&#8221; text_font_size_phone=&#8221;20px&#8221; text_font_size_last_edited=&#8221;on|phone&#8221; header_2_font_size_tablet=&#8221;25px&#8221; header_2_font_size_phone=&#8221;25px&#8221; header_2_font_size_last_edited=&#8221;on|phone&#8221; locked=&#8221;off&#8221;]Se\u00f1or\u00edo El Poblet<\/p>\n<h2>BARRICA<\/h2>\n<p>[\/et_pb_text][et_pb_button button_url=&#8221;https:\/\/bodegaelpoblet.com\/en\/product\/wine-senorio-el-poblet-barrica-box-of-6\/&#8221; button_text=&#8221;Buy&#8221; button_alignment=&#8221;center&#8221; _builder_version=&#8221;4.3.2&#8243; custom_button=&#8221;on&#8221; button_text_color=&#8221;#323232&#8243;][\/et_pb_button][\/et_pb_column][et_pb_column type=&#8221;1_3&#8243; _builder_version=&#8221;4.2.2&#8243;][et_pb_image src=&#8221;https:\/\/bodegaelpoblet.com\/wp-content\/uploads\/2020\/01\/Vino-Reserva-Bodega-El-Poblet.2jpg.jpg&#8221; alt=&#8221;Vino Se\u00f1or\u00edo El Poblet Reserva&#8221; title_text=&#8221;Vino Se\u00f1or\u00edo El Poblet Reserva&#8221; url=&#8221;https:\/\/bodegaelpoblet.com\/en\/product\/wine-senorio-el-poblet-reserva-6\/&#8221; align=&#8221;center&#8221; _builder_version=&#8221;4.3.2&#8243; width=&#8221;80%&#8221; width_tablet=&#8221;70%&#8221; width_phone=&#8221;&#8221; width_last_edited=&#8221;on|phone&#8221;][\/et_pb_image][et_pb_text _builder_version=&#8221;4.3.2&#8243; text_font=&#8221;Amiri||||||||&#8221; text_text_color=&#8221;#f1b936&#8243; text_font_size=&#8221;25px&#8221; header_2_font=&#8221;Amiri|600|||||||&#8221; header_2_text_align=&#8221;center&#8221; header_2_text_color=&#8221;#f1b936&#8243; header_2_font_size=&#8221;30px&#8221; text_orientation=&#8221;center&#8221; custom_margin_tablet=&#8221;||15px||false|false&#8221; custom_margin_phone=&#8221;||15px||false|false&#8221; custom_margin_last_edited=&#8221;on|phone&#8221; link_option_url=&#8221;https:\/\/bodegaelpoblet.com\/en\/product\/wine-senorio-el-poblet-reserva-6\/&#8221; text_font_size_tablet=&#8221;23px&#8221; text_font_size_phone=&#8221;20px&#8221; text_font_size_last_edited=&#8221;on|phone&#8221; header_2_font_size_tablet=&#8221;25px&#8221; header_2_font_size_phone=&#8221;25px&#8221; header_2_font_size_last_edited=&#8221;on|phone&#8221; locked=&#8221;off&#8221;]Se\u00f1or\u00edo El Poblet<\/p>\n<h2>RESERVA<\/h2>\n<p>[\/et_pb_text][et_pb_button button_url=&#8221;https:\/\/bodegaelpoblet.com\/en\/product\/wine-senorio-el-poblet-reserva-6\/&#8221; button_text=&#8221;Buy&#8221; button_alignment=&#8221;center&#8221; _builder_version=&#8221;4.3.2&#8243; custom_button=&#8221;on&#8221; button_text_color=&#8221;#323232&#8243;][\/et_pb_button][\/et_pb_column][\/et_pb_row][\/et_pb_section][et_pb_section fb_built=&#8221;1&#8243; _builder_version=&#8221;4.2.2&#8243; custom_margin=&#8221;||||false|false&#8221; custom_padding=&#8221;0px||||false|false&#8221;][et_pb_row custom_padding_last_edited=&#8221;on|desktop&#8221; _builder_version=&#8221;4.2.2&#8243; custom_margin=&#8221;||||false|false&#8221; custom_padding=&#8221;70px||||false|false&#8221; custom_padding_tablet=&#8221;35px||0px||false|false&#8221; custom_padding_phone=&#8221;35px||0px||false|false&#8221;][et_pb_column type=&#8221;4_4&#8243; _builder_version=&#8221;4.1&#8243;][et_pb_text _builder_version=&#8221;4.2.2&#8243; text_font=&#8221;Amiri|700|||||||&#8221; text_text_color=&#8221;#323232&#8243; text_font_size=&#8221;21px&#8221; header_text_color=&#8221;#323232&#8243; header_2_font=&#8221;Amiri|700|||||||&#8221; header_2_text_align=&#8221;center&#8221; header_2_text_color=&#8221;#323232&#8243; header_2_font_size=&#8221;40px&#8221; background_enable_color=&#8221;off&#8221; text_orientation=&#8221;center&#8221; custom_padding=&#8221;25px||25px||true|false&#8221;]<\/p>\n<h2>The Poblet vineyard<br \/>\nis rich in several strains<\/h2>\n<p>[\/et_pb_text][et_pb_divider color=&#8221;#323232&#8243; divider_weight=&#8221;5px&#8221; _builder_version=&#8221;4.2.2&#8243; width=&#8221;49%&#8221; module_alignment=&#8221;center&#8221; custom_margin=&#8221;-40px||||false|false&#8221; custom_margin_tablet=&#8221;&#8221; custom_margin_phone=&#8221;&#8221; custom_margin_last_edited=&#8221;on|phone&#8221; custom_padding=&#8221;||||false|false&#8221;][\/et_pb_divider][\/et_pb_column][\/et_pb_row][et_pb_row column_structure=&#8221;1_2,1_2&#8243; _builder_version=&#8221;4.2.2&#8243;][et_pb_column type=&#8221;1_2&#8243; _builder_version=&#8221;4.2.2&#8243;][et_pb_image src=&#8221;https:\/\/bodegaelpoblet.com\/wp-content\/uploads\/2020\/01\/cepa-de-vino-de-la-Bodega-El-Poblet.jpg&#8221; align=&#8221;center&#8221; force_fullwidth=&#8221;on&#8221; _builder_version=&#8221;4.2.2&#8243;][\/et_pb_image][\/et_pb_column][et_pb_column type=&#8221;1_2&#8243; _builder_version=&#8221;4.2.2&#8243;][et_pb_text _builder_version=&#8221;4.2.2&#8243; text_font=&#8221;Amiri||||||||&#8221; text_font_size=&#8221;20px&#8221; header_3_font=&#8221;Amiri||||||||&#8221; header_3_text_color=&#8221;#f1b936&#8243; header_3_font_size=&#8221;30px&#8221; custom_padding=&#8221;30px||30px||true|false&#8221; custom_padding_tablet=&#8221;||0px||false|false&#8221; custom_padding_phone=&#8221;&#8221; custom_padding_last_edited=&#8221;on|phone&#8221;]<\/p>\n<h3>The Tempranillo<\/h3>\n<p>So called because it bears fruit earlier than the other varieties. It is a very widespread strain in Spain, and is known for its great qualities and its perfect adaptation to Spanish regions.<\/p>\n<p>Tempranillo has spread all over the world, for example from 1980 in California, where its production has doubled since 1993.<\/p>\n<p>Tempranillo needs freshness to acquire elegance and acidity, but it also needs heat to provide the necessary sugar.<\/p>\n<p>The ideal location of Fontanars will give it all its aroma, with its hot days and cool nights, even during the month of August.<\/p>\n<p>It can be consumed young, but deserves to be aged in barrels.[\/et_pb_text][\/et_pb_column][\/et_pb_row][et_pb_row column_structure=&#8221;1_2,1_2&#8243; custom_padding_last_edited=&#8221;on|desktop&#8221; _builder_version=&#8221;4.2.2&#8243; custom_padding_tablet=&#8221;0px||0px||false|false&#8221; custom_padding_phone=&#8221;0px||0px||false|false&#8221;][et_pb_column type=&#8221;1_2&#8243; _builder_version=&#8221;4.2.2&#8243;][et_pb_text _builder_version=&#8221;4.2.2&#8243; text_font=&#8221;Amiri||||||||&#8221; text_font_size=&#8221;20px&#8221; header_3_font=&#8221;Amiri||||||||&#8221; header_3_text_color=&#8221;#f1b936&#8243; header_3_font_size=&#8221;30px&#8221;]<\/p>\n<h3>The Cabernet Sauvignon<\/h3>\n<p>This variety was for a long time the most widespread strain in the world, and generally appreciated by all.<\/p>\n<p>Originally from France, this variety is very resistant, and its aromas improve over time as they are refined.[\/et_pb_text][et_pb_image src=&#8221;https:\/\/bodegaelpoblet.com\/wp-content\/uploads\/2020\/01\/campo-de-uva-monastell-Bodega-El-Poblet.jpg&#8221; align=&#8221;center&#8221; force_fullwidth=&#8221;on&#8221; disabled_on=&#8221;off|off|on&#8221; _builder_version=&#8221;4.2.2&#8243;][\/et_pb_image][\/et_pb_column][et_pb_column type=&#8221;1_2&#8243; _builder_version=&#8221;4.2.2&#8243;][et_pb_text _builder_version=&#8221;4.2.2&#8243; text_font=&#8221;Amiri||||||||&#8221; text_font_size=&#8221;20px&#8221; header_3_font=&#8221;Amiri||||||||&#8221; header_3_text_color=&#8221;#f1b936&#8243; header_3_font_size=&#8221;30px&#8221;]<\/p>\n<h3>The Syrah<\/h3>\n<p>The origin of this strain is controversial. Persia? Sicily? What is certain is that it is versatile, undemanding in terms of soil and resistant. He also likes the sun very much.<\/p>\n<p>Its violet colour and robust flavour make it a great success today.[\/et_pb_text][\/et_pb_column][\/et_pb_row][et_pb_row column_structure=&#8221;1_2,1_2&#8243; _builder_version=&#8221;4.2.2&#8243;][et_pb_column type=&#8221;1_2&#8243; _builder_version=&#8221;4.2.2&#8243;][et_pb_text _builder_version=&#8221;4.2.2&#8243; text_font=&#8221;Amiri||||||||&#8221; text_font_size=&#8221;20px&#8221; header_3_font=&#8221;Amiri||||||||&#8221; header_3_text_color=&#8221;#f1b936&#8243; header_3_font_size=&#8221;30px&#8221; custom_padding=&#8221;20px||||false|false&#8221;]<\/p>\n<h3>The Monastrell<\/h3>\n<p>It is the &#8220;Mourv\u00e9dre&#8221; of the south of France, where it was the main variety for a long time. Particularly well adapted to hot and dry climates, Monastrell will give wines of high alcoholic content.<\/p>\n<p>Its name comes from the Camp de Morvedre, and is one of the components of the famous wines of Chateauneuf du Pape.<\/p>\n<p>[\/et_pb_text][\/et_pb_column][et_pb_column type=&#8221;1_2&#8243; _builder_version=&#8221;4.2.2&#8243;][et_pb_image src=&#8221;https:\/\/bodegaelpoblet.com\/wp-content\/uploads\/2020\/01\/campo-de-uva-monastell-Bodega-El-Poblet.jpg&#8221; align=&#8221;center&#8221; force_fullwidth=&#8221;on&#8221; disabled_on=&#8221;on|on|off&#8221; _builder_version=&#8221;4.2.2&#8243;][\/et_pb_image][\/et_pb_column][\/et_pb_row][\/et_pb_section][et_pb_section fb_built=&#8221;1&#8243; _builder_version=&#8221;4.2.2&#8243; custom_padding=&#8221;0px|||||&#8221;][et_pb_row column_structure=&#8221;1_4,1_4,1_4,1_4&#8243; use_custom_gutter=&#8221;on&#8221; gutter_width=&#8221;1&#8243; _builder_version=&#8221;4.2.2&#8243; width=&#8221;100%&#8221; max_width=&#8221;2560px&#8221; custom_padding=&#8221;0px||0px||false|false&#8221;][et_pb_column type=&#8221;1_4&#8243; _builder_version=&#8221;4.2.2&#8243;][et_pb_image src=&#8221;https:\/\/bodegaelpoblet.com\/wp-content\/uploads\/2020\/01\/campos-de-uva.jpg&#8221; _builder_version=&#8221;4.2.2&#8243;][\/et_pb_image][\/et_pb_column][et_pb_column type=&#8221;1_4&#8243; _builder_version=&#8221;4.2.2&#8243;][et_pb_image src=&#8221;https:\/\/bodegaelpoblet.com\/wp-content\/uploads\/2020\/01\/uva-en-mano.jpg&#8221; _builder_version=&#8221;4.2.2&#8243;][\/et_pb_image][\/et_pb_column][et_pb_column type=&#8221;1_4&#8243; _builder_version=&#8221;4.2.2&#8243;][et_pb_image src=&#8221;https:\/\/bodegaelpoblet.com\/wp-content\/uploads\/2020\/01\/Copa.jpg&#8221; _builder_version=&#8221;4.2.2&#8243;][\/et_pb_image][\/et_pb_column][et_pb_column type=&#8221;1_4&#8243; _builder_version=&#8221;4.2.2&#8243;][et_pb_image src=&#8221;https:\/\/bodegaelpoblet.com\/wp-content\/uploads\/2020\/01\/botellas.jpg&#8221; _builder_version=&#8221;4.2.2&#8243;][\/et_pb_image][\/et_pb_column][\/et_pb_row][\/et_pb_section][et_pb_section fb_built=&#8221;1&#8243; _builder_version=&#8221;4.2.2&#8243; custom_margin=&#8221;||||true|false&#8221; custom_padding=&#8221;0px||0px||true|false&#8221;][et_pb_row column_structure=&#8221;1_2,1_2&#8243; _builder_version=&#8221;4.2.2&#8243; custom_padding=&#8221;||||false|false&#8221;][et_pb_column type=&#8221;1_2&#8243; _builder_version=&#8221;4.2.2&#8243;][et_pb_image src=&#8221;https:\/\/bodegaelpoblet.com\/wp-content\/uploads\/2020\/01\/saborear-vino-de-la-Bodega-El-Poble.jpg&#8221; align=&#8221;center&#8221; force_fullwidth=&#8221;on&#8221; disabled_on=&#8221;on|on|off&#8221; _builder_version=&#8221;4.2.2&#8243;][\/et_pb_image][\/et_pb_column][et_pb_column type=&#8221;1_2&#8243; _builder_version=&#8221;4.2.2&#8243;][et_pb_text _builder_version=&#8221;4.2.2&#8243; text_font=&#8221;Amiri||||||||&#8221; text_font_size=&#8221;20px&#8221; header_2_font=&#8221;Amiri||||||||&#8221; header_2_text_color=&#8221;#f1b936&#8243; header_2_font_size=&#8221;30px&#8221; custom_padding=&#8221;120px||120px||true|false&#8221; custom_padding_tablet=&#8221;0px||0px||false|false&#8221; custom_padding_phone=&#8221;&#8221; custom_padding_last_edited=&#8221;on|phone&#8221;]<\/p>\n<h2>TASTE THE WINE OF THE POBLET&#8230; AND THE OTHERS!<\/h2>\n<p>The analysis of a wine and its appreciation is a subjective matter. Each individual will have a different perception, and each will describe his personal perception according to the stimuli he receives.<\/p>\n<p>However, in order for a wine to give off all its qualities and flavours, it is necessary to conscientiously respect certain rules at the time of tasting, here are these rules:[\/et_pb_text][et_pb_image src=&#8221;https:\/\/bodegaelpoblet.com\/wp-content\/uploads\/2020\/01\/saborear-vino-de-la-Bodega-El-Poble.jpg&#8221; align=&#8221;center&#8221; force_fullwidth=&#8221;on&#8221; disabled_on=&#8221;off|off|on&#8221; _builder_version=&#8221;4.2.2&#8243;][\/et_pb_image][\/et_pb_column][\/et_pb_row][et_pb_row column_structure=&#8221;1_2,1_2&#8243; _builder_version=&#8221;4.2.2&#8243; custom_margin=&#8221;||||false|false&#8221; custom_padding=&#8221;||||false|false&#8221;][et_pb_column type=&#8221;1_2&#8243; _builder_version=&#8221;4.2.2&#8243;][et_pb_text _builder_version=&#8221;4.2.2&#8243; text_font=&#8221;Amiri||||||||&#8221; text_font_size=&#8221;20px&#8221; header_3_font=&#8221;Amiri||||||||&#8221; header_3_text_color=&#8221;#f1b936&#8243; header_3_font_size=&#8221;30px&#8221; custom_padding=&#8221;50px||50px||true|false&#8221; custom_padding_tablet=&#8221;0px||0px||true|false&#8221; custom_padding_phone=&#8221;&#8221; custom_padding_last_edited=&#8221;on|phone&#8221;]<\/p>\n<h3>The Temperature<\/h3>\n<p>If a white wine is to be served at approximately 10 degrees, the tasting temperature range for red wines is between 14 and 18 degrees Celsius. Above 18 degrees, the wine will lose many of its flavors. How many would-be sommeliers have we had to argue with, even sometimes violently, because they were serving us a &#8220;chambr\u00e9&#8221; wine, which for them means at the temperature of the room (when that room is often above 22 degrees!).<\/p>\n<p>This expression &#8220;chambr\u00e9&#8221; comes from the time when central heating was not the order of the day and when room and house temperatures were much cooler!<\/p>\n<p>On the other hand, too low a temperature will exaggerate the hardness of the tannins and their astringent side.[\/et_pb_text][\/et_pb_column][et_pb_column type=&#8221;1_2&#8243; _builder_version=&#8221;4.2.2&#8243;][et_pb_image src=&#8221;https:\/\/bodegaelpoblet.com\/wp-content\/uploads\/2020\/01\/Temperatura-del-vino-Bodega-El-Poblet.jpg&#8221; align=&#8221;center&#8221; force_fullwidth=&#8221;on&#8221; _builder_version=&#8221;4.2.2&#8243;][\/et_pb_image][\/et_pb_column][\/et_pb_row][et_pb_row column_structure=&#8221;1_2,1_2&#8243; _builder_version=&#8221;4.2.2&#8243;][et_pb_column type=&#8221;1_2&#8243; _builder_version=&#8221;4.2.2&#8243;][et_pb_text _builder_version=&#8221;4.2.2&#8243; text_font=&#8221;Amiri||||||||&#8221; text_font_size=&#8221;20px&#8221; header_3_font=&#8221;Amiri||||||||&#8221; header_3_text_color=&#8221;#f1b936&#8243; header_3_font_size=&#8221;30px&#8221; custom_padding=&#8221;||||false|false&#8221; custom_padding_tablet=&#8221;||0px||false|false&#8221; custom_padding_phone=&#8221;&#8221; custom_padding_last_edited=&#8221;on|phone&#8221;]<\/p>\n<h3>Decanting<\/h3>\n<p>The wine must be in contact with oxygen to develop all its flavors. If you pour a large crude oil into a glass, smell it and it will develop a compact bouquet, difficult to discern. Spin it into the glass and smell it again: the difference will surprise you.<\/p>\n<p>First of all, the decanting jug should be fresh, if necessary put it in an ice bucket for a moment.<\/p>\n<p>Young wines should be decanted in a large decanter with a wide neck, to bring it into contact with as much oxygen as possible.<\/p>\n<p>The operation should be carried out well in advance, even up to more than an hour, depending on the wines. A quick, but a little wild, method, if there is urgency, consists of pouring the wine into a carafe and then pouring it back into the original bottle.<\/p>\n<p>Old wines should be poured slowly into a narrow carafe, which should be immediately recapped, in order to avoid too sudden and too fast a contact with oxygen.[\/et_pb_text][et_pb_image src=&#8221;https:\/\/bodegaelpoblet.com\/wp-content\/uploads\/2020\/01\/La-decantaci\u00f3n-Bodega-El-Poblet.jpg&#8221; align=&#8221;center&#8221; force_fullwidth=&#8221;on&#8221; disabled_on=&#8221;off|off|on&#8221; _builder_version=&#8221;4.2.2&#8243;][\/et_pb_image][\/et_pb_column][et_pb_column type=&#8221;1_2&#8243; _builder_version=&#8221;4.2.2&#8243;][et_pb_text _builder_version=&#8221;4.2.2&#8243; text_font=&#8221;Amiri||||||||&#8221; text_font_size=&#8221;20px&#8221; header_3_font=&#8221;Amiri||||||||&#8221; header_3_text_color=&#8221;#f1b936&#8243; header_3_font_size=&#8221;30px&#8221; custom_padding=&#8221;40px||||false|false&#8221; custom_padding_tablet=&#8221;0px||||false|false&#8221; custom_padding_phone=&#8221;&#8221; custom_padding_last_edited=&#8221;on|phone&#8221;]For the rest, a visual and olfactory examination will give precious indications, for example if the wine is &#8220;bouchonn\u00e9&#8221; (which means corked), in this case do not hesitate to return it to the sommelier.<\/p>\n<p>A cloudy wine (which is not clear, appearing to be loaded or veiled) has a major defect. On the other hand, a deposit of sediments or particles at the bottom of the bottle does not mean that the wine cannot be consumed, such sediments will not cloud the wine or harm its qualities. It is only a matter of being careful at the time of decanting.<\/p>\n<p>We often talk about the &#8220;tears&#8221; of wine, which are like a transparent liquid that is a little viscous and runs slowly down the walls of the glass. These &#8220;tears&#8221; are caused by the alcohol contained in the wine, which on evaporating will leave these drops on the walls of the glass, which are in fact a compound of water and other elements of the wine.<\/p>\n<p>This does not preclude various opinions on their interpretation![\/et_pb_text][\/et_pb_column][\/et_pb_row][\/et_pb_section][et_pb_section fb_built=&#8221;1&#8243; custom_padding_last_edited=&#8221;on|tablet&#8221; _builder_version=&#8221;4.2.2&#8243; background_image=&#8221;https:\/\/bodegaelpoblet.com\/wp-content\/uploads\/2020\/01\/vi\u00f1as-Bodega-El-Poblet.jpg&#8221; custom_margin=&#8221;||||false|false&#8221; custom_padding=&#8221;200px||200px||true|false&#8221; custom_padding_tablet=&#8221;&#8221; custom_padding_phone=&#8221;&#8221;][\/et_pb_section][et_pb_section fb_built=&#8221;1&#8243; _builder_version=&#8221;4.2.2&#8243; custom_margin=&#8221;||||false|false&#8221; custom_padding=&#8221;||||true|false&#8221;][et_pb_row _builder_version=&#8221;4.2.2&#8243;][et_pb_column type=&#8221;4_4&#8243; _builder_version=&#8221;4.2.2&#8243;][et_pb_text _builder_version=&#8221;4.2.2&#8243; text_font=&#8221;Amiri||||||||&#8221; text_font_size=&#8221;20px&#8221; header_3_font=&#8221;Amiri|700|||||||&#8221; header_3_text_align=&#8221;center&#8221; header_3_text_color=&#8221;#323232&#8243; header_3_font_size=&#8221;35px&#8221; text_orientation=&#8221;center&#8221;]<\/p>\n<h3>&#8220;Classification of Spanish wines&#8221;<\/h3>\n<p>Let us note that Spanish wines are classified as follows:[\/et_pb_text][\/et_pb_column][\/et_pb_row][et_pb_row column_structure=&#8221;1_4,1_4,1_4,1_4&#8243; use_custom_gutter=&#8221;on&#8221; _builder_version=&#8221;4.2.2&#8243; width_tablet=&#8221;&#8221; width_phone=&#8221;&#8221; width_last_edited=&#8221;on|phone&#8221; max_width=&#8221;1350px&#8221; max_width_tablet=&#8221;&#8221; max_width_phone=&#8221;&#8221; max_width_last_edited=&#8221;on|tablet&#8221;][et_pb_column type=&#8221;1_4&#8243; _builder_version=&#8221;4.2.2&#8243;][et_pb_text _builder_version=&#8221;4.2.2&#8243; text_font=&#8221;Amiri||||||||&#8221; text_font_size=&#8221;20px&#8221; header_3_font=&#8221;Amiri|700|||||||&#8221; header_3_text_color=&#8221;#f1b936&#8243; header_3_font_size=&#8221;30px&#8221;]<\/p>\n<h3>Young wine<\/h3>\n<p>Bottled wine after clarification. It is therefore a wine of the year, never put in barrels.[\/et_pb_text][\/et_pb_column][et_pb_column type=&#8221;1_4&#8243; _builder_version=&#8221;4.2.2&#8243;][et_pb_text _builder_version=&#8221;4.2.2&#8243; text_font=&#8221;Amiri||||||||&#8221; text_font_size=&#8221;20px&#8221; header_3_font=&#8221;Amiri|700|||||||&#8221; header_3_text_color=&#8221;#f1b936&#8243; header_3_font_size=&#8221;30px&#8221;]<\/p>\n<h3>Crianza<\/h3>\n<p>The classification criteria depend on the designation of origin (D.O.) but in general the wine must have been aged for at least 2 years, of which 6 to 12 months in barrels.[\/et_pb_text][\/et_pb_column][et_pb_column type=&#8221;1_4&#8243; _builder_version=&#8221;4.2.2&#8243;][et_pb_text _builder_version=&#8221;4.2.2&#8243; text_font=&#8221;Amiri||||||||&#8221; text_font_size=&#8221;20px&#8221; header_3_font=&#8221;Amiri|700|||||||&#8221; header_3_text_color=&#8221;#f1b936&#8243; header_3_font_size=&#8221;30px&#8221;]<\/p>\n<h3>Reserva<\/h3>\n<p>It is aged for 3 years, including 1 year in barrels, and will be marketed after 4 years.[\/et_pb_text][\/et_pb_column][et_pb_column type=&#8221;1_4&#8243; _builder_version=&#8221;4.2.2&#8243;][et_pb_text _builder_version=&#8221;4.2.2&#8243; text_font=&#8221;Amiri||||||||&#8221; text_font_size=&#8221;20px&#8221; header_3_font=&#8221;Amiri|700|||||||&#8221; header_3_text_color=&#8221;#f1b936&#8243; header_3_font_size=&#8221;30px&#8221;]<\/p>\n<h3>Gran Reserva<\/h3>\n<p>5 years of ageing, of which 2 years in barrel, is marketed after 6 years.[\/et_pb_text][\/et_pb_column][\/et_pb_row][\/et_pb_section]<\/p>\n","protected":false},"excerpt":{"rendered":"<p>The WinesSe\u00f1or\u00edo El Poblet VINO JOVENSe\u00f1or\u00edo El Poblet BARRICASe\u00f1or\u00edo El Poblet RESERVAThe Poblet vineyard is rich in several strainsThe Tempranillo So called because it bears fruit earlier than the other varieties. It is a very widespread strain in Spain, and is known for its great qualities and its perfect adaptation to Spanish regions. Tempranillo has [&hellip;]<\/p>\n","protected":false},"author":1,"featured_media":0,"parent":0,"menu_order":0,"comment_status":"closed","ping_status":"closed","template":"","meta":{"_et_pb_use_builder":"on","_et_pb_old_content":"","_et_gb_content_width":""},"_links":{"self":[{"href":"https:\/\/bodegaelpoblet.com\/en\/wp-json\/wp\/v2\/pages\/231829"}],"collection":[{"href":"https:\/\/bodegaelpoblet.com\/en\/wp-json\/wp\/v2\/pages"}],"about":[{"href":"https:\/\/bodegaelpoblet.com\/en\/wp-json\/wp\/v2\/types\/page"}],"author":[{"embeddable":true,"href":"https:\/\/bodegaelpoblet.com\/en\/wp-json\/wp\/v2\/users\/1"}],"replies":[{"embeddable":true,"href":"https:\/\/bodegaelpoblet.com\/en\/wp-json\/wp\/v2\/comments?post=231829"}],"version-history":[{"count":0,"href":"https:\/\/bodegaelpoblet.com\/en\/wp-json\/wp\/v2\/pages\/231829\/revisions"}],"wp:attachment":[{"href":"https:\/\/bodegaelpoblet.com\/en\/wp-json\/wp\/v2\/media?parent=231829"}],"curies":[{"name":"wp","href":"https:\/\/api.w.org\/{rel}","templated":true}]}}