{"id":232131,"date":"2020-01-27T18:12:43","date_gmt":"2020-01-27T18:12:43","guid":{"rendered":"https:\/\/bodegaelpoblet.com\/producto\/huile-dolive-extra-vierge-500-ml\/"},"modified":"2020-09-30T08:11:59","modified_gmt":"2020-09-30T08:11:59","slug":"huile-dolive-extra-vierge-500-ml-pack-6","status":"publish","type":"product","link":"https:\/\/bodegaelpoblet.com\/fr\/produit\/huile-dolive-extra-vierge-500-ml-pack-6\/","title":{"rendered":"Huile d&rsquo;olive extra vierge 500 ml"},"content":{"rendered":"<p>[et_pb_section fb_built=\u00a0\u00bb1&Prime; _builder_version=\u00a0\u00bb4.2.2&Prime; custom_padding=\u00a0\u00bb||0px|||\u00a0\u00bb][et_pb_row _builder_version=\u00a0\u00bb4.2.2&Prime; custom_padding=\u00a0\u00bb0px||0px||false|false\u00a0\u00bb][et_pb_column type=\u00a0\u00bb4_4&Prime; _builder_version=\u00a0\u00bb4.2.2&Prime;][et_pb_wc_breadcrumb _builder_version=\u00a0\u00bb4.1&Prime; body_font_size=\u00a0\u00bb16px\u00a0\u00bb][\/et_pb_wc_breadcrumb][et_pb_wc_cart_notice _builder_version=\u00a0\u00bb3.0.47&Prime;][\/et_pb_wc_cart_notice][\/et_pb_column][\/et_pb_row][\/et_pb_section][et_pb_section fb_built=\u00a0\u00bb1&Prime; _builder_version=\u00a0\u00bb4.2.2&Prime;][et_pb_row column_structure=\u00a0\u00bb1_2,1_2&Prime; _builder_version=\u00a0\u00bb4.2.2&Prime; custom_padding=\u00a0\u00bb0px||||false|false\u00a0\u00bb][et_pb_column type=\u00a0\u00bb1_2&Prime; _builder_version=\u00a0\u00bb4.2.2&Prime;][et_pb_wc_images force_fullwidth=\u00a0\u00bbon\u00a0\u00bb _builder_version=\u00a0\u00bb4.2.2&Prime; background_enable_image=\u00a0\u00bboff\u00a0\u00bb custom_margin=\u00a0\u00bb0px||||false|false\u00a0\u00bb custom_margin_tablet=\u00a0\u00bb0px||||false|false\u00a0\u00bb custom_margin_phone=\u00a0\u00bb0px||||false|false\u00a0\u00bb custom_margin_last_edited=\u00a0\u00bbon|phone\u00a0\u00bb border_width_all_image=\u00a0\u00bb0px\u00a0\u00bb][\/et_pb_wc_images][\/et_pb_column][et_pb_column type=\u00a0\u00bb1_2&Prime; _builder_version=\u00a0\u00bb4.2.2&Prime;][et_pb_wc_title _builder_version=\u00a0\u00bb4.3.2&Prime; header_font=\u00a0\u00bbAmiri|700|||||||\u00a0\u00bb header_text_align=\u00a0\u00bbleft\u00a0\u00bb][\/et_pb_wc_title][et_pb_wc_description _builder_version=\u00a0\u00bb4.3.2&Prime; body_font_size=\u00a0\u00bb15px\u00a0\u00bb][\/et_pb_wc_description][et_pb_wc_price _builder_version=\u00a0\u00bb4.1&Prime; body_font=\u00a0\u00bb|700|||||||\u00a0\u00bb body_font_size=\u00a0\u00bb28px\u00a0\u00bb][\/et_pb_wc_price][et_pb_wc_add_to_cart _builder_version=\u00a0\u00bb4.1&Prime;][\/et_pb_wc_add_to_cart][et_pb_wc_meta _builder_version=\u00a0\u00bb4.2.2&Prime;][\/et_pb_wc_meta][\/et_pb_column][\/et_pb_row][et_pb_row _builder_version=\u00a0\u00bb4.3.2&Prime;][et_pb_column type=\u00a0\u00bb4_4&Prime; _builder_version=\u00a0\u00bb4.3.2&Prime;][et_pb_divider divider_weight=\u00a0\u00bb5px\u00a0\u00bb _builder_version=\u00a0\u00bb4.2.2&Prime; width=\u00a0\u00bb30%\u00a0\u00bb width_tablet=\u00a0\u00bb50%\u00a0\u00bb width_phone=\u00a0\u00bb40%\u00a0\u00bb width_last_edited=\u00a0\u00bbon|desktop\u00a0\u00bb module_alignment=\u00a0\u00bbcenter\u00a0\u00bb][\/et_pb_divider][et_pb_wc_description description_type=\u00a0\u00bbdescription\u00a0\u00bb _builder_version=\u00a0\u00bb4.3.2&Prime;][\/et_pb_wc_description][\/et_pb_column][\/et_pb_row][\/et_pb_section][et_pb_section fb_built=\u00a0\u00bb1&Prime; custom_padding_last_edited=\u00a0\u00bbon|phone\u00a0\u00bb _builder_version=\u00a0\u00bb4.2.2&Prime; background_color=\u00a0\u00bb#f7f7f7&Prime; custom_padding=\u00a0\u00bb15px||10px||false|false\u00a0\u00bb custom_padding_tablet=\u00a0\u00bb\u00a0\u00bb custom_padding_phone=\u00a0\u00bb\u00a0\u00bb][et_pb_row column_structure=\u00a0\u00bb1_3,1_3,1_3&Prime; custom_padding_last_edited=\u00a0\u00bbon|phone\u00a0\u00bb _builder_version=\u00a0\u00bb4.2.2&Prime; custom_padding=\u00a0\u00bb||||false|false\u00a0\u00bb custom_padding_tablet=\u00a0\u00bb\u00a0\u00bb custom_padding_phone=\u00a0\u00bb\u00a0\u00bb][et_pb_column type=\u00a0\u00bb1_3&Prime; _builder_version=\u00a0\u00bb4.2.2&Prime;][et_pb_blurb title=\u00a0\u00bbLIVRAISON GRATUITE!\u00a0\u00bb use_icon=\u00a0\u00bbon\u00a0\u00bb font_icon=\u00a0\u00bb%%373%%\u00a0\u00bb use_icon_font_size=\u00a0\u00bbon\u00a0\u00bb icon_font_size=\u00a0\u00bb80px\u00a0\u00bb _builder_version=\u00a0\u00bb4.3.2&Prime; header_level=\u00a0\u00bbh3&Prime; header_font=\u00a0\u00bb|600|||||||\u00a0\u00bb header_text_align=\u00a0\u00bbcenter\u00a0\u00bb header_line_height=\u00a0\u00bb1.1em\u00a0\u00bb body_font=\u00a0\u00bb||||||||\u00a0\u00bb body_text_align=\u00a0\u00bbcenter\u00a0\u00bb body_font_size=\u00a0\u00bb15px\u00a0\u00bb]Une fois le paiement confirm\u00e9, le d\u00e9lai de livraison est de 5 jours ouvrables.[\/et_pb_blurb][\/et_pb_column][et_pb_column type=\u00a0\u00bb1_3&Prime; _builder_version=\u00a0\u00bb4.2.2&Prime;][et_pb_blurb title=\u00a0\u00bbAVEZ-VOUS DES DOUTES?\u00a0\u00bb use_icon=\u00a0\u00bbon\u00a0\u00bb font_icon=\u00a0\u00bb%%84%%\u00a0\u00bb _builder_version=\u00a0\u00bb4.2.2&Prime; header_level=\u00a0\u00bbh3&Prime; header_font=\u00a0\u00bb|600|||||||\u00a0\u00bb header_text_align=\u00a0\u00bbcenter\u00a0\u00bb body_font=\u00a0\u00bb||||||||\u00a0\u00bb body_text_align=\u00a0\u00bbcenter\u00a0\u00bb body_font_size=\u00a0\u00bb15px\u00a0\u00bb custom_margin=\u00a0\u00bb-18px||||false|false\u00a0\u00bb custom_margin_tablet=\u00a0\u00bb0px||||false|false\u00a0\u00bb custom_margin_phone=\u00a0\u00bb\u00a0\u00bb custom_margin_last_edited=\u00a0\u00bbon|desktop\u00a0\u00bb custom_padding=\u00a0\u00bb||||false|false\u00a0\u00bb]<span>Pour tout doute ou consultation, vous pouvez nous appeler au <a href=\"tel:\/\/0034962222320\" target=\"_blank\">(+34) 962 222 320<\/a> ou nous \u00e9crire \u00e0 <\/span><a href=\"mailto:info@bodegaelpoblet.com\"> info@bodegaelpoblet.com<\/a>[\/et_pb_blurb][\/et_pb_column][et_pb_column type=\u00a0\u00bb1_3&Prime; _builder_version=\u00a0\u00bb4.2.2&Prime;][et_pb_blurb title=\u00a0\u00bbS\u00c9CURISER LES PAIEMENTS\u00a0\u00bb use_icon=\u00a0\u00bbon\u00a0\u00bb font_icon=\u00a0\u00bb%%93%%\u00a0\u00bb use_icon_font_size=\u00a0\u00bbon\u00a0\u00bb icon_font_size=\u00a0\u00bb80px\u00a0\u00bb _builder_version=\u00a0\u00bb4.2.2&Prime; header_level=\u00a0\u00bbh3&Prime; header_font=\u00a0\u00bb|600|||||||\u00a0\u00bb header_text_align=\u00a0\u00bbcenter\u00a0\u00bb body_font=\u00a0\u00bb||||||||\u00a0\u00bb body_text_align=\u00a0\u00bbcenter\u00a0\u00bb body_font_size=\u00a0\u00bb15px\u00a0\u00bb]<\/p>\n<p>Shop prot\u00e9g\u00e9 par le <strong>protocole SSL<\/strong>.<br \/> Paiement par carte de cr\u00e9dit<\/p>\n<p>[\/et_pb_blurb][\/et_pb_column][\/et_pb_row][\/et_pb_section][et_pb_section fb_built=\u00a0\u00bb1&Prime; _builder_version=\u00a0\u00bb4.2.2&Prime;][et_pb_row _builder_version=\u00a0\u00bb4.2.2&Prime;][et_pb_column type=\u00a0\u00bb4_4&Prime; _builder_version=\u00a0\u00bb4.2.2&Prime;][et_pb_text _builder_version=\u00a0\u00bb4.2.2&Prime; text_font=\u00a0\u00bb|600|||||||\u00a0\u00bb text_text_color=\u00a0\u00bb#f1b936&Prime; text_font_size=\u00a0\u00bb30px\u00a0\u00bb text_orientation=\u00a0\u00bbcenter\u00a0\u00bb custom_margin=\u00a0\u00bb||||false|false\u00a0\u00bb custom_margin_tablet=\u00a0\u00bb\u00a0\u00bb custom_margin_phone=\u00a0\u00bb||9px||false|false\u00a0\u00bb custom_margin_last_edited=\u00a0\u00bbon|phone\u00a0\u00bb custom_padding=\u00a0\u00bb||||false|false\u00a0\u00bb custom_padding_tablet=\u00a0\u00bb\u00a0\u00bb custom_padding_phone=\u00a0\u00bb\u00a0\u00bb custom_padding_last_edited=\u00a0\u00bbon|phone\u00a0\u00bb text_font_size_tablet=\u00a0\u00bb\u00a0\u00bb text_font_size_phone=\u00a0\u00bb25px\u00a0\u00bb text_font_size_last_edited=\u00a0\u00bbon|phone\u00a0\u00bb text_line_height_tablet=\u00a0\u00bb\u00a0\u00bb text_line_height_phone=\u00a0\u00bb2em\u00a0\u00bb text_line_height_last_edited=\u00a0\u00bbon|phone\u00a0\u00bb]Vous pourriez \u00e9galement \u00eatre int\u00e9ress\u00e9 par[\/et_pb_text][et_pb_divider divider_weight=\u00a0\u00bb5px\u00a0\u00bb _builder_version=\u00a0\u00bb4.2.2&Prime; width=\u00a0\u00bb30%\u00a0\u00bb width_tablet=\u00a0\u00bb50%\u00a0\u00bb width_phone=\u00a0\u00bb40%\u00a0\u00bb width_last_edited=\u00a0\u00bbon|desktop\u00a0\u00bb module_alignment=\u00a0\u00bbcenter\u00a0\u00bb][\/et_pb_divider][\/et_pb_column][\/et_pb_row][et_pb_row column_structure=\u00a0\u00bb1_2,1_2&Prime; _builder_version=\u00a0\u00bb4.2.2&Prime; locked=\u00a0\u00bboff\u00a0\u00bb][et_pb_column type=\u00a0\u00bb1_2&Prime; _builder_version=\u00a0\u00bb4.2.2&Prime;][et_pb_image src=\u00a0\u00bbhttps:\/\/bodegaelpoblet.com\/wp-content\/uploads\/2020\/01\/Vino-Joven-Bodega-El-Poble2t.jpg\u00a0\u00bb url=\u00a0\u00bbhttps:\/\/bodegaelpoblet.com\/en\/producto\/wine-senorio-el-poblet-joven-6\/\u00a0\u00bb align=\u00a0\u00bbcenter\u00a0\u00bb _builder_version=\u00a0\u00bb4.3.2&Prime; width=\u00a0\u00bb80%\u00a0\u00bb width_tablet=\u00a0\u00bb70%\u00a0\u00bb width_phone=\u00a0\u00bb\u00a0\u00bb width_last_edited=\u00a0\u00bbon|phone\u00a0\u00bb][\/et_pb_image][et_pb_text _builder_version=\u00a0\u00bb4.3.2&Prime; text_font=\u00a0\u00bbAmiri||||||||\u00a0\u00bb text_text_color=\u00a0\u00bb#f1b936&Prime; text_font_size=\u00a0\u00bb25px\u00a0\u00bb header_2_font=\u00a0\u00bbAmiri|600|||||||\u00a0\u00bb header_2_text_align=\u00a0\u00bbcenter\u00a0\u00bb header_2_text_color=\u00a0\u00bb#f1b936&Prime; header_2_font_size=\u00a0\u00bb30px\u00a0\u00bb text_orientation=\u00a0\u00bbcenter\u00a0\u00bb custom_margin_tablet=\u00a0\u00bb||15px||false|false\u00a0\u00bb custom_margin_phone=\u00a0\u00bb||15px||false|false\u00a0\u00bb custom_margin_last_edited=\u00a0\u00bbon|phone\u00a0\u00bb link_option_url=\u00a0\u00bbhttps:\/\/bodegaelpoblet.com\/en\/producto\/wine-senorio-el-poblet-joven-6\/\u00a0\u00bb text_font_size_tablet=\u00a0\u00bb23px\u00a0\u00bb text_font_size_phone=\u00a0\u00bb20px\u00a0\u00bb text_font_size_last_edited=\u00a0\u00bbon|phone\u00a0\u00bb header_2_font_size_tablet=\u00a0\u00bb25px\u00a0\u00bb header_2_font_size_phone=\u00a0\u00bb25px\u00a0\u00bb header_2_font_size_last_edited=\u00a0\u00bbon|phone\u00a0\u00bb locked=\u00a0\u00bboff\u00a0\u00bb]<\/p>\n<p>Se\u00f1or\u00edo El Poblet<\/p>\n<h2>VINO JOVEN<\/h2>\n<p>[\/et_pb_text][et_pb_button button_url=\u00a0\u00bbhttps:\/\/bodegaelpoblet.com\/en\/producto\/wine-senorio-el-poblet-joven-6\/\u00a0\u00bb button_text=\u00a0\u00bbVoir\u00a0\u00bb button_alignment=\u00a0\u00bbcenter\u00a0\u00bb _builder_version=\u00a0\u00bb4.3.2&Prime; custom_button=\u00a0\u00bbon\u00a0\u00bb button_text_color=\u00a0\u00bb#323232&Prime; button_rel=\u00a0\u00bboff|off|off|off|off\u00a0\u00bb][\/et_pb_button][\/et_pb_column][et_pb_column type=\u00a0\u00bb1_2&Prime; _builder_version=\u00a0\u00bb4.2.2&Prime;][et_pb_image src=\u00a0\u00bbhttps:\/\/bodegaelpoblet.com\/wp-content\/uploads\/2020\/01\/Vino-Reserva-Bodega-El-Poblet.2jpg.jpg\u00a0\u00bb url=\u00a0\u00bbhttps:\/\/bodegaelpoblet.com\/en\/producto\/wine-senorio-el-poblet-reserva-6\/\u00a0\u00bb align=\u00a0\u00bbcenter\u00a0\u00bb _builder_version=\u00a0\u00bb4.3.2&Prime; width=\u00a0\u00bb80%\u00a0\u00bb width_tablet=\u00a0\u00bb70%\u00a0\u00bb width_phone=\u00a0\u00bb\u00a0\u00bb width_last_edited=\u00a0\u00bbon|phone\u00a0\u00bb][\/et_pb_image][et_pb_text _builder_version=\u00a0\u00bb4.3.2&Prime; text_font=\u00a0\u00bbAmiri||||||||\u00a0\u00bb text_text_color=\u00a0\u00bb#f1b936&Prime; text_font_size=\u00a0\u00bb25px\u00a0\u00bb header_2_font=\u00a0\u00bbAmiri|600|||||||\u00a0\u00bb header_2_text_align=\u00a0\u00bbcenter\u00a0\u00bb header_2_text_color=\u00a0\u00bb#f1b936&Prime; header_2_font_size=\u00a0\u00bb30px\u00a0\u00bb text_orientation=\u00a0\u00bbcenter\u00a0\u00bb custom_margin_tablet=\u00a0\u00bb||15px||false|false\u00a0\u00bb custom_margin_phone=\u00a0\u00bb||15px||false|false\u00a0\u00bb custom_margin_last_edited=\u00a0\u00bbon|phone\u00a0\u00bb link_option_url=\u00a0\u00bbhttps:\/\/bodegaelpoblet.com\/en\/producto\/wine-senorio-el-poblet-reserva-6\/\u00a0\u00bb text_font_size_tablet=\u00a0\u00bb23px\u00a0\u00bb text_font_size_phone=\u00a0\u00bb20px\u00a0\u00bb text_font_size_last_edited=\u00a0\u00bbon|phone\u00a0\u00bb header_2_font_size_tablet=\u00a0\u00bb25px\u00a0\u00bb header_2_font_size_phone=\u00a0\u00bb25px\u00a0\u00bb header_2_font_size_last_edited=\u00a0\u00bbon|phone\u00a0\u00bb locked=\u00a0\u00bboff\u00a0\u00bb]<\/p>\n<p>Se\u00f1or\u00edo El Poblet<\/p>\n<h2>RESERVA<\/h2>\n<p>[\/et_pb_text][et_pb_button button_url=\u00a0\u00bbhttps:\/\/bodegaelpoblet.com\/en\/producto\/wine-senorio-el-poblet-reserva-6\/\u00a0\u00bb button_text=\u00a0\u00bbVoir\u00a0\u00bb button_alignment=\u00a0\u00bbcenter\u00a0\u00bb _builder_version=\u00a0\u00bb4.3.2&Prime; custom_button=\u00a0\u00bbon\u00a0\u00bb button_text_color=\u00a0\u00bb#323232&Prime;][\/et_pb_button][\/et_pb_column][\/et_pb_row][\/et_pb_section]<\/p>\n","protected":false},"excerpt":{"rendered":"<h2>Huile organique d&rsquo;extraction \u00e0 froid.<\/h2>\n<p>Huile d&rsquo;olive extra vierge de cat\u00e9gorie sup\u00e9rieure obtenue directement \u00e0 partir d&rsquo;olives biologiques provenant de l&rsquo;exploitation agricole El Poblet uniquement par des proc\u00e9d\u00e9s m\u00e9caniques, produite de mani\u00e8re traditionnelle.<\/p>\n<p>L&rsquo;huile d&rsquo;olive d&rsquo;El Poblet est une huile Vierge Extra, de premi\u00e8re extraction \u00e0 froid, par des proc\u00e9d\u00e9s exclusivement m\u00e9caniques en continu \u00e9cologique. Notre huile est certifi\u00e9e biologique (num\u00e9ro CV 1464) et nos olives n&rsquo;ont jamais \u00e9t\u00e9 en contact avec des pesticides, des herbicides ou d&rsquo;autres produits non naturels.<\/p>\n<p>L&rsquo;huile d&rsquo;olive vierge et extra vierge est un pur jus de fruit naturel, sans aucun additif.<\/p>\n<p>&nbsp;<\/p>\n<h3><span style=\"color: #f1b936;\">Vari\u00e9t\u00e9 : Assemblage Picual \/ Arbequina<\/span><\/h3>\n<p>&nbsp;<\/p>\n<h3><span style=\"color: #f1b936;\">R\u00e9duction de quantit\u00e9<\/span><\/h3>\n<p>1 &#8211; 5         Bouteilles  =  <strong>11,50\u20ac<\/strong> ud<br \/>\n6 &#8211; 11       Bouteilles  =  <strong>8,11\u20ac<\/strong> ud<br \/>\n12 &#8211; 100   Bouteilles  =  <strong>6.50\u20ac<\/strong> ud<\/p>\n","protected":false},"featured_media":232936,"template":"","meta":{"_et_pb_use_builder":"on","_et_pb_old_content":"<h2>Description du produitIl<\/h2>Il y a autant de choses \u00e0 voir dans un olivier que dans le reste du monde.Il faut simplement prendre le temps de regarder comment il s\u2019est donn\u00e9 le temps de nous aider \u00e0 vivre.Une huile d\u2019olive vierge extra, pulssante au nez par ses ar\u00f4mes distincts de pomme verte et de feuilles de tomate.En bouche, une succession d\u2019ar\u00f4mes et de saveurs s\u2019exprime progressivement : Ia douceur de la noisette, l\u00e9g\u00e8rement beurr\u00e9e, puis Ia feuille de tomate et Ia, pomme verte, l\u2019oseille et le radis noir avec une touche de poivre vert. Les intensit\u00e9s d\u2019amertume et d\u2019ardence sont \u00e9lev\u00e9es.Le piquant prononc\u00e9 et persistant sensation tactile dans l\u2019arri\u00e8regorge, r\u00e9v\u00e8le une teneur \u00e9lev\u00e9e en compos\u00e9s ph\u00e9noliques b\u00e9n\u00e9f\u00eeques \u00e0 Ia sant\u00e9 humaine.Sa structure chimique en fait un excellent agent conservateur.ACIDITE: 0,32INDICIO PEROXYDES: 1,31K270: 0,13K232: 1,51FRUIT\u00c9 VERT: MOYENAMERTUME: MOYENNEPIQUANT: MOYENEQUILIBR\u00c9<strong>SUGGESTIONS CULINAIRES<\/strong>Cru, ce fruit\u00e9 vert donne du relief sur tout ingr\u00e9dient par son amertume et son ardence.Belle association sur du pain frais ou du pain grill\u00e9.<strong>PR\u00c9PARATIONS\/OP\u00c9RATIONS PR\u00c9LIMINAIRES<\/strong>En p\u00e2tisserie: Parfumer les p\u00e2tes et les desserts.Dans une marinade: carpaccio de viande, noix de Saint-Jacques. Badigeonner des grillades de viande.<strong>PR\u00c9PARATIONS\/OP\u00c9RATIONS PR\u00c9LIMINAIRES<\/strong>Avec des l\u00e9gumes cuits comme la tomate, la carotte, avec des l\u00e9gumineuses (lentilles, pois cass\u00e9s\u2026).Papillote de poissons gras comme le saumon, le thon, Ia truite. Tartare de viande, de poisson.Avec des viandes blanches et rouges (veau, b\u0153uf, porc\u2026) et des f\u00e9culents comme Ia pomme de terre, les p\u00e2tes, le riz.<strong>OP\u00c9RATIONS D\u2019APPOINT<\/strong>Pulv\u00e9risation sur un fromage blanc.Assaisonnement de p\u00e2tes, riz, poisson cult, pizza. sur des l\u00e9gumes cuits ou \u00e0 la vapeuu ou grill\u00e9s. Voir tableau ci-degsus.<strong>D\u00c9SORMAIS LES HUILES D\u2019OLIVE VIERGES ONT D\u00c9PASS\u00c9 LE CADRE DE LA CUISINE M\u00c9DITERRAN\u00c9ENNE<\/strong>Un pur jus de fruit 100% naturel. qui d\u00e9fie le temps\u2026Une production au-del\u00e0 du pourtour m\u00e9diterran\u00e9enAux usages multiples : culinaire. domestique, religieux, th\u00e9rapeutique. cosm\u00e9tiqueD\u00e9montr\u00e9 scientifiquement Bon pour la sant\u00e9La plus riche des huiles en acide ol\u00e9ique (AGM!) et faible en en acides gras satur\u00e9sEffets : r\u00e9duction du mauvais cholest\u00e9rol. diminution du risque de maladies cardiaques et coronariennes, r\u00e9duction de l\u2019hypertension et de la demande en insuline pour un diab\u00e8te de type 2, aide \u00e0 combattre l\u2019art\u00e9rioscl\u00e9rose.Riche en acides gras essentiels (AGPI): Omega 6 et Omega 3.Riche en antioxydants: vitamines E et K. Ph\u00e9nols. s\u00e9co\u00efrido\u00efdes. lignanes et flavono\u00efdes.Effets : ralentissement du vieillissement cutan\u00e9. protection contre certains cancers : sein. colon, prost\u00e7te. participation \u00e0 la croissance des os et \u00e0 Ia coagulation dh sang, anti microbien. protection inflammatoire.Unique par l\u2019Influence des caract\u00e9ristiques de Ia vari\u00e9t\u00e9 d\u2018olive. du terroir. du d\u00e9ploiement des moyens techniques. humains et financiersHistorique dans l\u2018ailmentation de l\u2018HommeIdentifiable par sa structure et la combinaison du fruit\u00e9 et de son Intensit\u00e9Attrayant en cuisine par la diversification de ses qualit\u00e9s organoleptiques","_et_gb_content_width":""},"product_cat":[63],"product_tag":[43],"_links":{"self":[{"href":"https:\/\/bodegaelpoblet.com\/fr\/wp-json\/wp\/v2\/product\/232131"}],"collection":[{"href":"https:\/\/bodegaelpoblet.com\/fr\/wp-json\/wp\/v2\/product"}],"about":[{"href":"https:\/\/bodegaelpoblet.com\/fr\/wp-json\/wp\/v2\/types\/product"}],"wp:featuredmedia":[{"embeddable":true,"href":"https:\/\/bodegaelpoblet.com\/fr\/wp-json\/wp\/v2\/media\/232936"}],"wp:attachment":[{"href":"https:\/\/bodegaelpoblet.com\/fr\/wp-json\/wp\/v2\/media?parent=232131"}],"wp:term":[{"taxonomy":"product_cat","embeddable":true,"href":"https:\/\/bodegaelpoblet.com\/fr\/wp-json\/wp\/v2\/product_cat?post=232131"},{"taxonomy":"product_tag","embeddable":true,"href":"https:\/\/bodegaelpoblet.com\/fr\/wp-json\/wp\/v2\/product_tag?post=232131"}],"curies":[{"name":"wp","href":"https:\/\/api.w.org\/{rel}","templated":true}]}}